{"id":10320,"date":"2024-06-04T17:12:01","date_gmt":"2024-06-04T15:12:01","guid":{"rendered":"https:\/\/abrhome.eu\/product\/vaggmonterat-y-formad-cykelstall\/"},"modified":"2024-06-04T19:09:13","modified_gmt":"2024-06-04T17:09:13","slug":"vaggmonterat-y-formad-cykelstall","status":"publish","type":"product","link":"https:\/\/abrhome.eu\/sv\/produkt\/vaggmonterat-y-formad-cykelstall\/","title":{"rendered":"V\u00e4ggmonterat Y-formad Cykelst\u00e4ll"},"content":{"rendered":"<p>Optimera ditt utrymme och h\u00e5ll din cykel s\u00e4kert f\u00f6rvarad med v\u00e5rt <b>V\u00e4ggmonterat Y-formad Cykelst\u00e4ll<\/b>. Designat med precision, detta st\u00e4ll \u00e4r tillverkat av h\u00e5llbara material och fungerar som en perfekt <b>platsbesparande l\u00f6sning<\/b> f\u00f6r hem, garage eller offentliga omr\u00e5den.<\/p>\n<p>Huvuddelen av st\u00e4llet har en <b>Y-formad<\/b> st\u00e5lstruktur som st\u00f6ds av robusta v\u00e4ggf\u00e4sten. Konstruerat f\u00f6r att h\u00e5lla din cykel vertikalt minskar det effektivt anv\u00e4ndningen av golvyta och hj\u00e4lper till att minska r\u00f6ran i omgivningen. Den sl\u00e4ta, mattsvarta finishen f\u00f6rb\u00e4ttrar inte bara dess visuella attraktionskraft utan ger \u00e4ven ett gott motst\u00e5nd mot rost och slitage.<\/p>\n<p>F\u00f6r extra skydd anv\u00e4nds gummi eller plast\u00f6verdrag vid kontaktpunkter p\u00e5 ramen f\u00f6r att h\u00e5lla din cykel fri fr\u00e5n repor. Installationen \u00e4r enkel eftersom st\u00e4llet levereras komplett med all n\u00f6dv\u00e4ndig monteringsutrustning, vilket g\u00f6r det m\u00f6jligt att s\u00e4kert f\u00e4sta det p\u00e5 en m\u00e4ngd olika v\u00e4ggtyper, vilket s\u00e4kerst\u00e4ller p\u00e5litlig <b>garagecykelf\u00f6rvaring<\/b>.<\/p>\n<p> <div class=\"p2410-product-tags\" style=\"margin:1rem 0\">\r\n\t\t<div style=\"font-weight:600\">Taggar<\/div>\r\n\t\t<div><a href=\"https:\/\/abrhome.eu\/sv\/produktetikett\/garagecykelforvaringslosning\/\" class=\"product-tag\">Garagecykelf\u00f6rvaringsl\u00f6sning<\/a>, <a href=\"https:\/\/abrhome.eu\/sv\/produktetikett\/platsbesparande-cykelstall\/\" class=\"product-tag\">Platsbesparande cykelst\u00e4ll<\/a>, <a href=\"https:\/\/abrhome.eu\/sv\/produktetikett\/vaggmonterat-cykelstall\/\" class=\"product-tag\">V\u00e4ggmonterat cykelst\u00e4ll<\/a>, <a href=\"https:\/\/abrhome.eu\/sv\/produktetikett\/vertikal-cykelforvaring\/\" class=\"product-tag\">Vertikal cykelf\u00f6rvaring<\/a>, <a href=\"https:\/\/abrhome.eu\/sv\/produktetikett\/y-format-cykelvaggfaste\/\" class=\"product-tag\">Y-format cykelv\u00e4ggf\u00e4ste<\/a><\/div>\r\n\t<\/div> <div class=\"p2410-product-colors\" style=\"margin:1rem 0\">\r\n\t\t<div style=\"font-weight:600\">F\u00e4rg<\/div>\r\n\t\t<div><span>RAL 1023 Trafikgul (Gul)<\/span>, <span>RAL 1036 P\u00e4rlguld (Guld)<\/span>, <span>RAL 2004 Ren orange (Orange)<\/span>, <span>RAL 3000 Flamr\u00f6d (R\u00f6d)<\/span>, <span>RAL 3020 Trafikr\u00f6d (R\u00f6d)<\/span>, <span>RAL 4005 Bl\u00e5lila (Violett)<\/span>, <span>RAL 5005 Signalbl\u00e5 (Bl\u00e5)<\/span>, <span>RAL 5010 Gentianabl\u00e5 (Bl\u00e5)<\/span>, <span>RAL 6005 Mossa gr\u00f6n (Gr\u00f6n)<\/span>, <span>RAL 7012 Basaltgr\u00e5 (Gr\u00e5)<\/span>, <span>RAL 7015 Skiffergr\u00e5 (Gr\u00e5)<\/span>, <span>RAL 7016 Antracitgr\u00e5 (Gr\u00e5)<\/span>, <span>RAL 7021 Svartgr\u00e5 (Svart)<\/span>, <span>RAL 7024 Grafitgr\u00e5 (Gr\u00e5)<\/span>, <span>RAL 7032 Gr\u00e5sten (Gr\u00e5)<\/span>, <span>RAL 7035 Ljusgr\u00e5 (Gr\u00e5)<\/span>, <span>RAL 7040 F\u00f6nstergr\u00e5 (Gr\u00e5)<\/span>, <span>RAL 7042 Trafikgr\u00e5 A (Gr\u00e5)<\/span>, <span>RAL 8017 Chokladbrun (Brun)<\/span>, <span>RAL 9005 Jet svart (Svart)<\/span>, <span>RAL 9006 Vit aluminium (Silver)<\/span>, <span>RAL 9007 Gr\u00e5 aluminium (Silver)<\/span>, <span>RAL 9010 Ren vit (Vit)<\/span>, <span>RAL 9016 Trafikvit (Vit)<\/span><\/div>\r\n\t<\/div><\/p>\n","protected":false},"excerpt":{"rendered":"<p>F\u00f6rvara din cykel effektivt med det <b>V\u00e4ggmonterat Y-formad Cykelst\u00e4ll<\/b>, ett robust och <b>platsbesparande cykelst\u00e4ll<\/b>. Med en Y-formad design och en snygg svart finish erbjuder det p\u00e5litlig <b>vertikal cykelf\u00f6rvaring<\/b>, l\u00e4mplig f\u00f6r olika v\u00e4ggtyper.<\/p>\n","protected":false},"featured_media":2588,"template":"","meta":[],"product_cat":[26864],"product_tag":[3643,3615,3587,3601,3629],"class_list":{"0":"post-10320","1":"product","2":"type-product","3":"status-publish","4":"has-post-thumbnail","6":"product_cat-specialiserade-objekt-cykelhallare","7":"product_tag-garagecykelforvaringslosning","8":"product_tag-platsbesparande-cykelstall","9":"product_tag-vaggmonterat-cykelstall","10":"product_tag-vertikal-cykelforvaring","11":"product_tag-y-format-cykelvaggfaste","13":"first","14":"instock","15":"shipping-taxable","16":"product-type-simple"},"yoast_head":"<!-- This site is optimized with the Yoast SEO plugin v23.1 - https:\/\/yoast.com\/wordpress\/plugins\/seo\/ -->\n<title>V\u00e4ggmonterat Y-formad Cykelst\u00e4ll - ABR Home - Metallic constructions since 2010<\/title>\n<meta name=\"robots\" content=\"index, follow, max-snippet:-1, max-image-preview:large, max-video-preview:-1\" \/>\n<link rel=\"canonical\" href=\"https:\/\/abrhome.eu\/produkt\/wall-mounted-y-shape-bicycle-rack\/\" \/>\n<meta property=\"og:locale\" content=\"sv_SE\" \/>\n<meta property=\"og:type\" content=\"article\" \/>\n<meta property=\"og:title\" content=\"V\u00e4ggmonterat Y-formad Cykelst\u00e4ll - ABR Home - Metallic constructions since 2010\" \/>\n<meta property=\"og:description\" content=\"F\u00f6rvara din cykel effektivt med det V\u00e4ggmonterat Y-formad Cykelst\u00e4ll, ett robust och platsbesparande cykelst\u00e4ll. Med en Y-formad design och en snygg svart finish erbjuder det p\u00e5litlig vertikal cykelf\u00f6rvaring, l\u00e4mplig f\u00f6r olika v\u00e4ggtyper.\" \/>\n<meta property=\"og:url\" content=\"https:\/\/abrhome.eu\/produkt\/wall-mounted-y-shape-bicycle-rack\/\" \/>\n<meta property=\"og:site_name\" content=\"ABR Home - Metallic constructions since 2010\" \/>\n<meta property=\"article:modified_time\" content=\"2024-06-04T17:09:13+00:00\" \/>\n<meta property=\"og:image\" content=\"https:\/\/abrhome.eu\/wp-content\/uploads\/2024\/06\/Y-Classic-Wand-Rack-1.jpg\" \/>\n\t<meta property=\"og:image:width\" content=\"600\" \/>\n\t<meta property=\"og:image:height\" content=\"600\" \/>\n\t<meta property=\"og:image:type\" content=\"image\/jpeg\" \/>\n<meta name=\"twitter:card\" content=\"summary_large_image\" \/>\n<meta name=\"twitter:label1\" content=\"Ber\u00e4knad l\u00e4stid\" \/>\n\t<meta name=\"twitter:data1\" content=\"1 minut\" \/>\n<script type=\"application\/ld+json\" class=\"yoast-schema-graph\">{\"@context\":\"https:\/\/schema.org\",\"@graph\":[{\"@type\":\"WebPage\",\"@id\":\"https:\/\/abrhome.eu\/produkt\/wall-mounted-y-shape-bicycle-rack\/\",\"url\":\"https:\/\/abrhome.eu\/produkt\/wall-mounted-y-shape-bicycle-rack\/\",\"name\":\"V\u00e4ggmonterat Y-formad Cykelst\u00e4ll - ABR Home - Metallic constructions since 2010\",\"isPartOf\":{\"@id\":\"https:\/\/abrhome.eu\/#website\"},\"primaryImageOfPage\":{\"@id\":\"https:\/\/abrhome.eu\/produkt\/wall-mounted-y-shape-bicycle-rack\/#primaryimage\"},\"image\":{\"@id\":\"https:\/\/abrhome.eu\/produkt\/wall-mounted-y-shape-bicycle-rack\/#primaryimage\"},\"thumbnailUrl\":\"https:\/\/abrhome.eu\/wp-content\/uploads\/2024\/06\/Y-Classic-Wand-Rack-1.jpg\",\"datePublished\":\"2024-06-04T15:12:01+00:00\",\"dateModified\":\"2024-06-04T17:09:13+00:00\",\"breadcrumb\":{\"@id\":\"https:\/\/abrhome.eu\/produkt\/wall-mounted-y-shape-bicycle-rack\/#breadcrumb\"},\"inLanguage\":\"sv-SE\",\"potentialAction\":[{\"@type\":\"ReadAction\",\"target\":[\"https:\/\/abrhome.eu\/produkt\/wall-mounted-y-shape-bicycle-rack\/\"]}]},{\"@type\":\"ImageObject\",\"inLanguage\":\"sv-SE\",\"@id\":\"https:\/\/abrhome.eu\/produkt\/wall-mounted-y-shape-bicycle-rack\/#primaryimage\",\"url\":\"https:\/\/abrhome.eu\/wp-content\/uploads\/2024\/06\/Y-Classic-Wand-Rack-1.jpg\",\"contentUrl\":\"https:\/\/abrhome.eu\/wp-content\/uploads\/2024\/06\/Y-Classic-Wand-Rack-1.jpg\",\"width\":600,\"height\":600,\"caption\":\"Sein\u00e4\u00e4n Kiinnitett\u00e4v\u00e4 Y-muotoinen Polkupy\u00f6r\u00e4teline\"},{\"@type\":\"BreadcrumbList\",\"@id\":\"https:\/\/abrhome.eu\/produkt\/wall-mounted-y-shape-bicycle-rack\/#breadcrumb\",\"itemListElement\":[{\"@type\":\"ListItem\",\"position\":1,\"name\":\"Home\",\"item\":\"https:\/\/abrhome.eu\/sv\/\"},{\"@type\":\"ListItem\",\"position\":2,\"name\":\"Produkter\",\"item\":\"https:\/\/abrhome.eu\/sv\/produkter\/\"},{\"@type\":\"ListItem\",\"position\":3,\"name\":\"V\u00e4ggmonterat Y-formad Cykelst\u00e4ll\"}]},{\"@type\":\"WebSite\",\"@id\":\"https:\/\/abrhome.eu\/#website\",\"url\":\"https:\/\/abrhome.eu\/\",\"name\":\"ABR Home - Metallic constructions since 2010\",\"description\":\"\",\"publisher\":{\"@id\":\"https:\/\/abrhome.eu\/#organization\"},\"potentialAction\":[{\"@type\":\"SearchAction\",\"target\":{\"@type\":\"EntryPoint\",\"urlTemplate\":\"https:\/\/abrhome.eu\/?s={search_term_string}\"},\"query-input\":\"required name=search_term_string\"}],\"inLanguage\":\"sv-SE\"},{\"@type\":\"Organization\",\"@id\":\"https:\/\/abrhome.eu\/#organization\",\"name\":\"ABR Home - Metallic constructions since 2010\",\"url\":\"https:\/\/abrhome.eu\/\",\"logo\":{\"@type\":\"ImageObject\",\"inLanguage\":\"sv-SE\",\"@id\":\"https:\/\/abrhome.eu\/#\/schema\/logo\/image\/\",\"url\":\"https:\/\/abrhome.eu\/wp-content\/uploads\/2023\/12\/logo-10.png\",\"contentUrl\":\"https:\/\/abrhome.eu\/wp-content\/uploads\/2023\/12\/logo-10.png\",\"width\":300,\"height\":139,\"caption\":\"ABR Home - Metallic constructions since 2010\"},\"image\":{\"@id\":\"https:\/\/abrhome.eu\/#\/schema\/logo\/image\/\"}}]}<\/script>\n<!-- \/ Yoast SEO plugin. -->","yoast_head_json":{"title":"V\u00e4ggmonterat Y-formad Cykelst\u00e4ll - ABR Home - Metallic constructions since 2010","robots":{"index":"index","follow":"follow","max-snippet":"max-snippet:-1","max-image-preview":"max-image-preview:large","max-video-preview":"max-video-preview:-1"},"canonical":"https:\/\/abrhome.eu\/produkt\/wall-mounted-y-shape-bicycle-rack\/","og_locale":"sv_SE","og_type":"article","og_title":"V\u00e4ggmonterat Y-formad Cykelst\u00e4ll - ABR Home - Metallic constructions since 2010","og_description":"F\u00f6rvara din cykel effektivt med det V\u00e4ggmonterat Y-formad Cykelst\u00e4ll, ett robust och platsbesparande cykelst\u00e4ll. Med en Y-formad design och en snygg svart finish erbjuder det p\u00e5litlig vertikal cykelf\u00f6rvaring, l\u00e4mplig f\u00f6r olika v\u00e4ggtyper.","og_url":"https:\/\/abrhome.eu\/produkt\/wall-mounted-y-shape-bicycle-rack\/","og_site_name":"ABR Home - Metallic constructions since 2010","article_modified_time":"2024-06-04T17:09:13+00:00","og_image":[{"width":600,"height":600,"url":"https:\/\/abrhome.eu\/wp-content\/uploads\/2024\/06\/Y-Classic-Wand-Rack-1.jpg","type":"image\/jpeg"}],"twitter_card":"summary_large_image","twitter_misc":{"Ber\u00e4knad l\u00e4stid":"1 minut"},"schema":{"@context":"https:\/\/schema.org","@graph":[{"@type":"WebPage","@id":"https:\/\/abrhome.eu\/produkt\/wall-mounted-y-shape-bicycle-rack\/","url":"https:\/\/abrhome.eu\/produkt\/wall-mounted-y-shape-bicycle-rack\/","name":"V\u00e4ggmonterat Y-formad Cykelst\u00e4ll - ABR Home - Metallic constructions since 2010","isPartOf":{"@id":"https:\/\/abrhome.eu\/#website"},"primaryImageOfPage":{"@id":"https:\/\/abrhome.eu\/produkt\/wall-mounted-y-shape-bicycle-rack\/#primaryimage"},"image":{"@id":"https:\/\/abrhome.eu\/produkt\/wall-mounted-y-shape-bicycle-rack\/#primaryimage"},"thumbnailUrl":"https:\/\/abrhome.eu\/wp-content\/uploads\/2024\/06\/Y-Classic-Wand-Rack-1.jpg","datePublished":"2024-06-04T15:12:01+00:00","dateModified":"2024-06-04T17:09:13+00:00","breadcrumb":{"@id":"https:\/\/abrhome.eu\/produkt\/wall-mounted-y-shape-bicycle-rack\/#breadcrumb"},"inLanguage":"sv-SE","potentialAction":[{"@type":"ReadAction","target":["https:\/\/abrhome.eu\/produkt\/wall-mounted-y-shape-bicycle-rack\/"]}]},{"@type":"ImageObject","inLanguage":"sv-SE","@id":"https:\/\/abrhome.eu\/produkt\/wall-mounted-y-shape-bicycle-rack\/#primaryimage","url":"https:\/\/abrhome.eu\/wp-content\/uploads\/2024\/06\/Y-Classic-Wand-Rack-1.jpg","contentUrl":"https:\/\/abrhome.eu\/wp-content\/uploads\/2024\/06\/Y-Classic-Wand-Rack-1.jpg","width":600,"height":600,"caption":"Sein\u00e4\u00e4n Kiinnitett\u00e4v\u00e4 Y-muotoinen Polkupy\u00f6r\u00e4teline"},{"@type":"BreadcrumbList","@id":"https:\/\/abrhome.eu\/produkt\/wall-mounted-y-shape-bicycle-rack\/#breadcrumb","itemListElement":[{"@type":"ListItem","position":1,"name":"Home","item":"https:\/\/abrhome.eu\/sv\/"},{"@type":"ListItem","position":2,"name":"Produkter","item":"https:\/\/abrhome.eu\/sv\/produkter\/"},{"@type":"ListItem","position":3,"name":"V\u00e4ggmonterat Y-formad Cykelst\u00e4ll"}]},{"@type":"WebSite","@id":"https:\/\/abrhome.eu\/#website","url":"https:\/\/abrhome.eu\/","name":"ABR Home - Metallic constructions since 2010","description":"","publisher":{"@id":"https:\/\/abrhome.eu\/#organization"},"potentialAction":[{"@type":"SearchAction","target":{"@type":"EntryPoint","urlTemplate":"https:\/\/abrhome.eu\/?s={search_term_string}"},"query-input":"required name=search_term_string"}],"inLanguage":"sv-SE"},{"@type":"Organization","@id":"https:\/\/abrhome.eu\/#organization","name":"ABR Home - Metallic constructions since 2010","url":"https:\/\/abrhome.eu\/","logo":{"@type":"ImageObject","inLanguage":"sv-SE","@id":"https:\/\/abrhome.eu\/#\/schema\/logo\/image\/","url":"https:\/\/abrhome.eu\/wp-content\/uploads\/2023\/12\/logo-10.png","contentUrl":"https:\/\/abrhome.eu\/wp-content\/uploads\/2023\/12\/logo-10.png","width":300,"height":139,"caption":"ABR Home - Metallic constructions since 2010"},"image":{"@id":"https:\/\/abrhome.eu\/#\/schema\/logo\/image\/"}}]}},"_links":{"self":[{"href":"https:\/\/abrhome.eu\/sv\/wp-json\/wp\/v2\/product\/10320","targetHints":{"allow":["GET"]}}],"collection":[{"href":"https:\/\/abrhome.eu\/sv\/wp-json\/wp\/v2\/product"}],"about":[{"href":"https:\/\/abrhome.eu\/sv\/wp-json\/wp\/v2\/types\/product"}],"version-history":[{"count":0,"href":"https:\/\/abrhome.eu\/sv\/wp-json\/wp\/v2\/product\/10320\/revisions"}],"wp:featuredmedia":[{"embeddable":true,"href":"https:\/\/abrhome.eu\/sv\/wp-json\/wp\/v2\/media\/2588"}],"wp:attachment":[{"href":"https:\/\/abrhome.eu\/sv\/wp-json\/wp\/v2\/media?parent=10320"}],"wp:term":[{"taxonomy":"product_cat","embeddable":true,"href":"https:\/\/abrhome.eu\/sv\/wp-json\/wp\/v2\/product_cat?post=10320"},{"taxonomy":"product_tag","embeddable":true,"href":"https:\/\/abrhome.eu\/sv\/wp-json\/wp\/v2\/product_tag?post=10320"}],"curies":[{"name":"wp","href":"https:\/\/api.w.org\/{rel}","templated":true}]}}